{"id":791,"date":"2015-11-25T09:55:05","date_gmt":"2015-11-25T09:55:05","guid":{"rendered":"http:\/\/www.ahbvpf.pt\/?page_id=791"},"modified":"2021-01-27T15:03:05","modified_gmt":"2021-01-27T15:03:05","slug":"historia","status":"publish","type":"page","link":"https:\/\/www.ahbvpf.pt\/?page_id=791","title":{"rendered":"Sobre N\u00f3s"},"content":{"rendered":"<p>[vc_row inverse=&#8221;&#8221; css=&#8221;.vc_custom_1513702104415{margin-bottom: 30px !important;}&#8221;][vc_column][vc_custom_heading text=&#8221;A Hist\u00f3ria&#8221; use_theme_fonts=&#8221;yes&#8221;][\/vc_column][\/vc_row][vc_row][vc_column width=&#8221;1\/2&#8243;][vc_single_image image=&#8221;2389&#8243; img_size=&#8221;full&#8221; alignment=&#8221;center&#8221;][vc_column_text]<\/p>\n<h5 style=\"text-align: center;\">Acta da Assembleia-geral instaladora da A.H.B.V.P.F. em 3 de Julho de 1932<\/h5>\n<p style=\"text-align: left;\">&#8220;&#8230;) Aos tr\u00eas dias do m\u00eas de Julho do ano de mil novecentos e trinta e dois pelas catorze horas, no edif\u00edcio do Quartel dos Bombeiros, sito \u00e0 Rua Doutor Jo\u00e3o de Meireles, e a convite do cidad\u00e3o Antero Maria Carneiro Chaves, farmac\u00eautico desta Vila membro da Comiss\u00e3o Organizadora da Associa\u00e7\u00e3o Humanit\u00e1ria dos Bombeiros Volunt\u00e1rios de Pa\u00e7os de Ferreira,&#8230; (&#8230;)&#8230; para nos termos, dos seus estatutos, superiormente aprovados pelo excelent\u00edssimo Senhor Governador Civil deste distrito, em sete de Junho do corrente ano, se proceder \u00e1 elei\u00e7\u00e3o dos corpos gerentes da mesma Associa\u00e7\u00e3o. (&#8230;) _ Lidos os Estatutos foram aprovados por unanimidade e em seguida procedeu-se ao acto eleitoral. (&#8230;) Foi mais deliberado, visto tratar-se duma Assembleia-geral instaladora que os novos corpos gerentes tomem posse dos seus cargos no pr\u00f3ximo dia dez do corrente m\u00eas de Junho. (&#8230;)<br \/>\nPessoas que se destacaram na Associa\u00e7\u00e3o<\/p>\n<h6 style=\"text-align: center;\">1<br \/>\nAntero Chaves<\/h6>\n<p style=\"text-align: left;\">Um homem que deu alma e vida \u00e0 Associa\u00e7\u00e3o em 1930. Foi este voluntarioso farmac\u00eautico que com a sua vontade f\u00e9rrea, tornou poss\u00edvel que em Pa\u00e7os de Ferreira, naqueles long\u00ednquos anos se criasse um Corpo de Bombeiros e depois a Associa\u00e7\u00e3o Humanit\u00e1ria. Foi o 1\u00ba Comandante da corpora\u00e7\u00e3o e fundador, que dirigiu com enorme empenho. Pelo reconhecimento do trabalho tido em defesa da causa, foi atribu\u00eddo seu nome ao Quartel antigo, como tamb\u00e9m \u00e0 rua que ladeia o quartel.<\/p>\n<h6 style=\"text-align: center;\">2<br \/>\nAnt\u00f3nio Matos<\/h6>\n<p style=\"text-align: left;\">&#8220;Toninho Matos&#8221;, homem dedicado \u00e0s causas Humanit\u00e1rias, foi dirigente durante longos anos, da Associa\u00e7\u00e3o Humanit\u00e1ria, como tamb\u00e9m da Miseric\u00f3rdia de Pa\u00e7os de Ferreira. S\u00f3cio Benem\u00e9rito em vida e ap\u00f3s o seu falecimento tornou refor\u00e7ada a sua qualidade ao doar aos Bombeiros e \u00e0 Miseric\u00f3rdia de Pa\u00e7os de Ferreira todos os seus bens, que se considera uma grande fortuna.<\/p>\n<h6 style=\"text-align: center;\">3<br \/>\nAlberto Batista<\/h6>\n<p>Homem que tamb\u00e9m dedicou uma grande parte da sua vida no aux\u00edlio aos outros. Foi dirigente desportivo do F.C.P.F, dirigente do Concelho do Partido Socialista e Presidente da A.H.B.V.P.F. Do seu empenho, foi agraciado pela C\u00e2mara Municipal com a Medalha de Prata de altru\u00edsmo e M\u00e9rito. Em vida foi elevado \u00e0 categoria de Presidente Honor\u00e1rio da A.H.B.V.P.F. Foi o grande impulsionador da constru\u00e7\u00e3o do actual Quartel de Bombeiros.<\/p>\n<p>&nbsp;<\/p>\n<p>[\/vc_column_text][\/vc_column][vc_column width=&#8221;1\/2&#8243;][vc_single_image image=&#8221;2390&#8243; img_size=&#8221;full&#8221; alignment=&#8221;center&#8221;][vc_column_text]<\/p>\n<h5 style=\"text-align: center;\">Comiss\u00e3o Organizadora &#8211; Fundadores<\/h5>\n<p style=\"text-align: center;\"><strong>Antero Maria Carneiro Chaves<\/strong><br \/>\n<strong>Apr\u00edgio Melo Le\u00e3o de Meireles (Dr.)<\/strong><br \/>\n<strong>Carlos Carneiro Guimar\u00e3es<\/strong><br \/>\n<strong>J\u00falio Ferreira de Magalh\u00e3es<\/strong><br \/>\n<strong>Vitorino Moreira de Matos<\/strong><br \/>\n<strong>Ant\u00f3nio Pinto Martins Leit\u00e3o<\/strong><br \/>\n<strong>Serafim Neto de Pinho<\/strong><br \/>\n<strong>Alberto Ribeiro da Silva<\/strong><br \/>\n<strong>Jos\u00e9 Pinto Martins Leit\u00e3o<\/strong><br \/>\n<strong>Serafim da Costa Leite<\/strong><br \/>\n<strong>Am\u00edlcar Augusto Nunes da Silva<\/strong><br \/>\n<strong>Francisco da Costa Leite<\/strong><br \/>\n<strong>Anast\u00e1cio Coelho da Costa Eiras<\/strong><br \/>\n<strong>Am\u00e9rico Coelho da Silva Machado<\/strong><br \/>\n<strong>Lu\u00eds Alves Valente<\/strong><br \/>\n<strong>Manuel da Costa Neto<\/strong><br \/>\n<strong>Joaquim Monteiro Filho<\/strong><br \/>\n<strong>Arm\u00e9nio Pereira Coutinho<\/strong><br \/>\n<strong>Jos\u00e9 de Morais Al\u00e3o<\/strong><br \/>\n<strong>Miguel Baptista Ferreira da Costa<\/strong><br \/>\n<strong>Jo\u00e3o Barbosa de Morais Al\u00e3o<\/strong><br \/>\n<strong>Am\u00e2ndio Pereira Campos<\/strong><br \/>\n<strong>Joaquim Neto de Sousa<\/strong><br \/>\n<strong>Jos\u00e9 Augusto da Costa Eiras (Dr.)<\/strong><br \/>\n<strong>Jos\u00e9 Patr\u00edcio de Meireles Le\u00e3o<\/strong><br \/>\n<strong>Joaquim de Sousa Rocha<\/strong><br \/>\n<strong>Augusto Cardoso da Costa<\/strong><br \/>\n<strong>Ab\u00edlio Ac\u00e1cio Al\u00e3o Ferreira Dias<\/strong><br \/>\n<strong>Lu\u00eds Augusto Carneiro Guimar\u00e3es<\/strong><br \/>\n<strong>Ant\u00f3nio Neto J\u00fanior<\/strong><\/p>\n<h5 style=\"text-align: center;\"><b>1\u00ba Presidente da Direc\u00e7\u00e3o da A.H.B.V.P.F<\/b><\/h5>\n<p style=\"text-align: center;\"><strong>J\u00falio Ferreira Magalh\u00e3es<\/strong><\/p>\n<p>[\/vc_column_text][\/vc_column][\/vc_row][vc_row][vc_column][vc_custom_heading text=&#8221;<\/p>\n<p>O Quartel&#8221; use_theme_fonts=&#8221;yes&#8221;][\/vc_column][\/vc_row][vc_row][vc_column][vc_column_text]<\/p>\n<p align=\"justify\">Fundada em 1931, a Associa\u00e7\u00e3o Humanit\u00e1ria dos Bombeiros Volunt\u00e1rios de Pa\u00e7os de Ferreira preparou-se para cumprir a sua miss\u00e3o com um corpo activo que sediou num pequeno quartel situado na actual rua Dr. Le\u00e3o de Meireles, onde albergou os seus primeiros equipamentos.<\/p>\n<p>Posteriormente, foi constru\u00eddo de raiz um quartel que se denominou de Antero Chaves, figura fundamental da institui\u00e7\u00e3o e que veio a dar o nome \u00e0 rua lateral onde est\u00e1 instalado no centro da cidade de Pa\u00e7os de Ferreira. Quartel esse onde durante v\u00e1rias d\u00e9cadas funcionou a \u00fanica sala de cinema da cidade de Pa\u00e7os de Ferreira.<\/p>\n<p>Foi substitu\u00eddo pelo actual quartel, situado na Avenida Dr. Nicolau Carneiro, em 1994.<\/p>\n<p>Desde 2004 que os dirigentes da institui\u00e7\u00e3o assumiram o desejo de construir um novo quartel, tendo j\u00e1 elaborado um projecto para tal efeito.<\/p>\n<p>&nbsp;<\/p>\n<p>[\/vc_column_text][\/vc_column][\/vc_row][vc_row][vc_column width=&#8221;1\/2&#8243;]<figure class=\"sc_image  sc_image_shape_square\"><img decoding=\"async\" src=\"https:\/\/www.ahbvpf.pt\/wp-content\/uploads\/2021\/01\/Quartel-Atual-1.jpg\" alt=\"\" \/><\/figure>[\/vc_column][vc_column width=&#8221;1\/2&#8243;]<figure class=\"sc_image  sc_image_shape_square\"><img decoding=\"async\" src=\"https:\/\/www.ahbvpf.pt\/wp-content\/uploads\/2021\/01\/Projeto-do-Novo-Quartel-1.jpg\" alt=\"\" \/><\/figure>[\/vc_column][\/vc_row]<\/p>\n","protected":false},"excerpt":{"rendered":"<p>[vc_row inverse=&#8221;&#8221; css=&#8221;.vc_custom_1513702104415{margin-bottom: 30px !important;}&#8221;][vc_column][vc_custom_heading text=&#8221;A Hist\u00f3ria&#8221; use_theme_fonts=&#8221;yes&#8221;][\/vc_column][\/vc_row][vc_row][vc_column width=&#8221;1\/2&#8243;][vc_single_image image=&#8221;2389&#8243; img_size=&#8221;full&#8221; alignment=&#8221;center&#8221;][vc_column_text] Acta da Assembleia-geral instaladora da A.H.B.V.P.F. em 3 de Julho de 1932 &#8220;&#8230;) Aos tr\u00eas dias do m\u00eas [&hellip;]<\/p>\n","protected":false},"author":1,"featured_media":0,"parent":0,"menu_order":0,"comment_status":"closed","ping_status":"closed","template":"","meta":{"footnotes":""},"class_list":["post-791","page","type-page","status-publish","hentry"],"_links":{"self":[{"href":"https:\/\/www.ahbvpf.pt\/index.php?rest_route=\/wp\/v2\/pages\/791","targetHints":{"allow":["GET"]}}],"collection":[{"href":"https:\/\/www.ahbvpf.pt\/index.php?rest_route=\/wp\/v2\/pages"}],"about":[{"href":"https:\/\/www.ahbvpf.pt\/index.php?rest_route=\/wp\/v2\/types\/page"}],"author":[{"embeddable":true,"href":"https:\/\/www.ahbvpf.pt\/index.php?rest_route=\/wp\/v2\/users\/1"}],"replies":[{"embeddable":true,"href":"https:\/\/www.ahbvpf.pt\/index.php?rest_route=%2Fwp%2Fv2%2Fcomments&post=791"}],"version-history":[{"count":45,"href":"https:\/\/www.ahbvpf.pt\/index.php?rest_route=\/wp\/v2\/pages\/791\/revisions"}],"predecessor-version":[{"id":4799,"href":"https:\/\/www.ahbvpf.pt\/index.php?rest_route=\/wp\/v2\/pages\/791\/revisions\/4799"}],"wp:attachment":[{"href":"https:\/\/www.ahbvpf.pt\/index.php?rest_route=%2Fwp%2Fv2%2Fmedia&parent=791"}],"curies":[{"name":"wp","href":"https:\/\/api.w.org\/{rel}","templated":true}]}}