{"id":4388,"date":"2018-04-09T10:07:30","date_gmt":"2018-04-09T10:07:30","guid":{"rendered":"http:\/\/www.ahbvpf.pt\/?page_id=4388"},"modified":"2021-01-24T10:51:01","modified_gmt":"2021-01-24T10:51:01","slug":"teste","status":"publish","type":"page","link":"https:\/\/www.ahbvpf.pt\/?page_id=4388","title":{"rendered":"Jornadas Pr\u00e9-Hospitalar"},"content":{"rendered":"<p>[vc_row][vc_column][vc_column_text]<span style=\"font-size: 32px;\"><strong><span style=\"color: #000066;\">Jornadas Pr\u00e9-Hospitalar<\/span><\/strong><\/span><\/p>\n<p>&nbsp;<\/p>\n<p><span style=\"color: #808080; font-size: 16px;\"><em>&#8220;Aprender sem pensar \u00e9 tempo perdido.&#8221;, <\/em>Conf\u00facio<\/span><\/p>\n<p><span style=\"color: #000000; font-size: 14px;\">Destinada apenas a elementos que exercem fun\u00e7\u00f5es no \u00e2mbito da Emerg\u00eancia Pr\u00e9-Hospitalar, a realiza\u00e7\u00e3o destas Jornadas tem como especial interesse a an\u00e1lise do trabalho efetuado em situa\u00e7\u00f5es particulares assim como novas t\u00e9cnicas de socorro pr\u00e9-hospitalar no trabalho conjunto de bombeiros e meios diferenciados.<\/span>[\/vc_column_text][vc_empty_space height=&#8221;35px&#8221;][\/vc_column][\/vc_row][vc_row][vc_column][vc_empty_space height=&#8221;35px&#8221;]<figure class=\"sc_image  sc_image_shape_square\" style=\"width: 1508px;height:2962px;\"><img decoding=\"async\" src=\"https:\/\/www.ahbvpf.pt\/wp-content\/uploads\/2018\/04\/cartaz_jor_hosp-2094x2962.jpg\" alt=\"\" \/><\/figure>[vc_empty_space height=&#8221;35px&#8221;][\/vc_column][\/vc_row][vc_row][vc_column][vc_empty_space height=&#8221;35px&#8221;][vc_column_text]<span style=\"font-size: 24px;\"><strong><span style=\"color: #000066;\">Programa<\/span><\/strong><\/span><\/p>\n<p>&nbsp;<\/p>\n<table style=\"width: 913px;\">\n<tbody>\n<tr style=\"height: 2px;\">\n<td style=\"width: 117.438px;\"><span style=\"color: #cccc00;\"><strong>08h30<\/strong><\/span><\/td>\n<td style=\"width: 764.563px;\"><span style=\"color: #000000;\"><strong>Abertura de Secretariado<\/strong><\/span><\/td>\n<\/tr>\n<tr style=\"height: 2px;\">\n<td style=\"width: 117.438px;\"><span style=\"color: #cccc00;\"><strong>09h00<\/strong><\/span><\/td>\n<td style=\"width: 764.563px;\"><span style=\"color: #000000;\"><strong>Cerimonia de Abertura,\u00a0<\/strong>Comandante e Presidente da AHBVPF<\/span><\/td>\n<\/tr>\n<tr style=\"height: 2px;\">\n<td style=\"width: 117.438px;\"><span style=\"color: #cccc00;\"><strong>09h30<\/strong><\/span><\/td>\n<td style=\"width: 764.563px;\"><span style=\"color: #000000;\"><strong>Emerg\u00eancias Pedi\u00e1tricas,\u00a0<\/strong>Dr.\u00ba Filipe Serralva e Enf.\u00ba Pedro Macedo<\/span><\/td>\n<\/tr>\n<tr style=\"height: 2px;\">\n<td style=\"width: 117.438px;\"><span style=\"color: #cccc00;\"><strong>10h30<\/strong><\/span><\/td>\n<td style=\"width: 764.563px;\"><span style=\"color: #000000;\"><strong>Coffee Break<\/strong><\/span><\/td>\n<\/tr>\n<tr style=\"height: 2px;\">\n<td style=\"width: 117.438px;\"><span style=\"color: #cccc00;\"><strong>11h00<\/strong><\/span><\/td>\n<td style=\"width: 764.563px;\"><span style=\"color: #000000;\"><strong>Emerg\u00eancias M\u00e9dicas EAM vs AVC,\u00a0<\/strong>Enf.\u00ba Pedro Lu\u00eds<\/span><\/td>\n<\/tr>\n<tr style=\"height: 2px;\">\n<td style=\"width: 117.438px;\"><span style=\"color: #cccc00;\"><strong>12h00<\/strong><\/span><\/td>\n<td style=\"width: 764.563px;\"><span style=\"color: #000000;\"><strong>Almo\u00e7o<\/strong><\/span><\/td>\n<\/tr>\n<tr style=\"height: 2px;\">\n<td style=\"width: 117.438px;\"><span style=\"color: #cccc00;\"><strong>14h00<\/strong><\/span><\/td>\n<td style=\"width: 764.563px;\"><span style=\"color: #000000;\"><strong>Queimados,\u00a0<\/strong>Dr.\u00ba Ant\u00f3nio Vieira dos Santos<\/span><\/td>\n<\/tr>\n<tr style=\"height: 2px;\">\n<td style=\"width: 117.438px;\"><span style=\"color: #cccc00;\"><strong>15h00<\/strong><\/span><\/td>\n<td style=\"width: 764.563px;\"><span style=\"color: #000000;\"><strong>Politraumatizados,\u00a0<\/strong>Enf.\u00aa C\u00e1tia Moreira<\/span><\/td>\n<\/tr>\n<tr style=\"height: 2px;\">\n<td style=\"width: 117.438px;\"><span style=\"color: #cccc00;\"><strong>16h30<\/strong><\/span><\/td>\n<td style=\"width: 764.563px;\"><span style=\"color: #000000;\"><strong>Coffee Break<\/strong><\/span><\/td>\n<\/tr>\n<tr style=\"height: 2px;\">\n<td style=\"width: 117.438px;\"><span style=\"color: #cccc00;\"><strong>17h00<\/strong><\/span><\/td>\n<td style=\"width: 764.563px;\"><span style=\"color: #000000;\"><strong>Acidentes Rodovi\u00e1rios<\/strong><\/span><\/p>\n<p><span style=\"color: #000000;\"><strong>Situa\u00e7\u00f5es de Exce\u00e7\u00e3o &#8220;V\u00edtima Mortal&#8221;,\u00a0<\/strong>1\u00ba Sar.\u00ba Costa<\/span><\/td>\n<\/tr>\n<\/tbody>\n<\/table>\n<p>[\/vc_column_text][vc_empty_space height=&#8221;35px&#8221;][\/vc_column][\/vc_row][vc_row][vc_column][vc_empty_space height=&#8221;35px&#8221;][vc_column_text]<span style=\"font-size: 24px; color: #000066;\"><strong>Como Inscrever?<\/strong><\/span><\/p>\n<p>&nbsp;<\/p>\n<p><span style=\"color: #000000; font-size: 14px;\">A participa\u00e7\u00e3o ter\u00e1 o custo de 5 compressas, sendo que o almo\u00e7o n\u00e3o se encontra inclu\u00eddo. O pagamento \u00e9 apenas efetuado por transfer\u00eancia banc\u00e1ria. Assim dever\u00e1 efetuar:<\/span><\/p>\n<p>&nbsp;<\/p>\n<p><span style=\"color: #000000; font-size: 14px;\">1\u00ba Inscri\u00e7\u00e3o no formul\u00e1rio abaixo<\/span><\/p>\n<p><span style=\"color: #000000; font-size: 14px;\">2\u00ba Transfer\u00eancia banc\u00e1ria para o NIB (N\u00famero de Identifica\u00e7\u00e3o Banc\u00e1ria) exibido:<\/span><\/p>\n<p><span style=\"color: #000000; font-size: 14px;\">\u00a0\u00a0\u00a0\u00a0\u00a0\u00a0\u00a0\u00a0\u00a0\u00a0\u00a0 Associa\u00e7\u00e3o Humanit\u00e1ria dos Bombeiros Volunt\u00e1rios de Pa\u00e7os de Ferreira<\/span><\/p>\n<p><span style=\"color: #000000; font-size: 14px;\">\u00a0\u00a0\u00a0\u00a0\u00a0\u00a0\u00a0\u00a0\u00a0\u00a0\u00a0 <strong>0010 0000 41077230001 24<\/strong><\/span><\/p>\n<p style=\"padding-left: 60px;\"><span style=\"color: #000000; font-size: 14px;\">*A sua inscri\u00e7\u00e3o s\u00f3 ser\u00e1 v\u00e1lida ap\u00f3s respetivo pagamento.<\/span><\/p>\n<p style=\"padding-left: 60px;\"><span style=\"color: #000000; font-size: 14px;\">*Ter\u00e1 de efetuar o pagamento nos 2 dias seguintes \u00e0 inscri\u00e7\u00e3o.<\/span><\/p>\n<p><span style=\"color: #000000; font-size: 14px;\">\u00a0\u00a0\u00a0\u00a0\u00a0\u00a0\u00a0\u00a0\u00a0\u00a0\u00a0<\/span><\/p>\n<p><span style=\"color: #000000; font-size: 14px;\">3\u00ba Envio, por email, do comprovativo de pagamento:<\/span><\/p>\n<p><span style=\"color: #000000; font-size: 14px;\">\u00a0\u00a0\u00a0\u00a0\u00a0\u00a0\u00a0\u00a0\u00a0\u00a0\u00a0 <a style=\"color: #000000;\" href=\"mailto:comunicacao@ahbvpf.pt\">comunicacao@ahbvpf.pt<\/a><\/span><\/p>\n<p><span style=\"color: #000000; font-size: 14px;\"><strong>Aten\u00e7\u00e3o:\u00a0<\/strong>Informamos que as inscri\u00e7\u00f5es s\u00e3o limitadas.<\/span>[\/vc_column_text][vc_empty_space height=&#8221;35px&#8221;][vc_empty_space height=&#8221;35px&#8221;][\/vc_column][vc_column][vc_column_text]<\/p>\n<div class=\"clearfix _o46 _3erg _3i_m _nd_ direction_ltr text_align_ltr\">\n<div id=\"js_1l1\" class=\"_3058 _ui9 _hh7 _s1- _52mr _43by _3oh-\" data-tooltip-content=\"Segunda-feira 23:07\" data-hover=\"tooltip\" data-tooltip-position=\"right\">\n<div tabindex=\"0\" aria-label=\"Vimos desta forma informar que as inscri\u00e7\u00f5es para as Jornadas Pr\u00e9-Hospitalares dos BV Pa\u00e7os de Ferreira est\u00e3o Esgotadas. Caso exista alguma d\u00favida sobre a sua inscri\u00e7\u00e3o, contacte-nos atrav\u00e9s do email comunicacao@ahbvpf.pt At\u00e9 breve\"><span style=\"color: #000066;\"><strong><span style=\"font-size: 24px;\">Inscri\u00e7\u00f5es<\/span><\/strong><\/span><\/div>\n<\/div>\n<div tabindex=\"0\" aria-label=\"Vimos desta forma informar que as inscri\u00e7\u00f5es para as Jornadas Pr\u00e9-Hospitalares dos BV Pa\u00e7os de Ferreira est\u00e3o Esgotadas. Caso exista alguma d\u00favida sobre a sua inscri\u00e7\u00e3o, contacte-nos atrav\u00e9s do email comunicacao@ahbvpf.pt At\u00e9 breve\"><\/div>\n<div tabindex=\"0\" aria-label=\"Vimos desta forma informar que as inscri\u00e7\u00f5es para as Jornadas Pr\u00e9-Hospitalares dos BV Pa\u00e7os de Ferreira est\u00e3o Esgotadas. Caso exista alguma d\u00favida sobre a sua inscri\u00e7\u00e3o, contacte-nos atrav\u00e9s do email comunicacao@ahbvpf.pt At\u00e9 breve\"><\/div>\n<\/div>\n<div tabindex=\"0\" aria-label=\"Vimos desta forma informar que as inscri\u00e7\u00f5es para as Jornadas Pr\u00e9-Hospitalares dos BV Pa\u00e7os de Ferreira est\u00e3o Esgotadas. Caso exista alguma d\u00favida sobre a sua inscri\u00e7\u00e3o, contacte-nos atrav\u00e9s do email comunicacao@ahbvpf.pt At\u00e9 breve\"><\/div>\n<p>[\/vc_column_text][vc_empty_space height=&#8221;35px&#8221;][vc_column_text]<\/p>\n<div class=\"_aok\" style=\"text-align: left;\" tabindex=\"0\" aria-label=\"Vimos desta forma informar que as inscri\u00e7\u00f5es para as Jornadas Pr\u00e9-Hospitalares dos BV Pa\u00e7os de Ferreira est\u00e3o Esgotadas. Caso exista alguma d\u00favida sobre a sua inscri\u00e7\u00e3o, contacte-nos atrav\u00e9s do email comunicacao@ahbvpf.pt At\u00e9 breve\"><span class=\"_3oh- _58nk\" style=\"color: #000000; font-size: 14px;\">Vimos desta forma informar que as inscri\u00e7\u00f5es para as Jornadas Pr\u00e9-Hospitalar dos BV Pa\u00e7os de Ferreira est\u00e3o Esgotadas. Caso exista alguma d\u00favida sobre a sua inscri\u00e7\u00e3o, contacte-nos atrav\u00e9s do email comunicacao@ahbvpf.pt.<\/span><\/div>\n<div class=\"_aok\" style=\"text-align: left;\" tabindex=\"0\" aria-label=\"Vimos desta forma informar que as inscri\u00e7\u00f5es para as Jornadas Pr\u00e9-Hospitalares dos BV Pa\u00e7os de Ferreira est\u00e3o Esgotadas. Caso exista alguma d\u00favida sobre a sua inscri\u00e7\u00e3o, contacte-nos atrav\u00e9s do email comunicacao@ahbvpf.pt At\u00e9 breve\"><span class=\"_3oh- _58nk\" style=\"color: #000000; font-size: 14px;\">At\u00e9 breve!<\/span><\/div>\n<p>[\/vc_column_text][vc_empty_space height=&#8221;35px&#8221;]<figure class=\"sc_image  sc_image_shape_square\"><img decoding=\"async\" src=\"https:\/\/www.ahbvpf.pt\/wp-content\/uploads\/2018\/04\/Untitled-1.jpg\" alt=\"\" \/><\/figure>[vc_empty_space height=&#8221;35px&#8221;][\/vc_column][\/vc_row][vc_row full_width=&#8221;stretch_row&#8221; inverse=&#8221;&#8221;][vc_column][vc_empty_space height=&#8221;35px&#8221;][vc_gmaps link=&#8221;#E-8_JTNDaWZyYW1lJTIwc3JjJTNEJTIyaHR0cHMlM0ElMkYlMkZ3d3cuZ29vZ2xlLmNvbSUyRm1hcHMlMkZlbWJlZCUzRnBiJTNEJTIxMW0xOCUyMTFtMTIlMjExbTMlMjExZDI5OTguMzc3MDE0MzY4NDQ4MyUyMTJkLTguMzgwNDQ4MDg0MzEwMjQ5JTIxM2Q0MS4yNzg4OTg1MTA2NzYwOSUyMTJtMyUyMTFmMCUyMTJmMCUyMTNmMCUyMTNtMiUyMTFpMTAyNCUyMTJpNzY4JTIxNGYxMy4xJTIxM20zJTIxMW0yJTIxMXMweGQyNDhjYmU1ZmVhZjNmYiUyNTNBMHg5ZGJiZDFiODZmMjcwNDk1JTIxMnNCb21iZWlyb3MlMkJWb2x1bnQlMjVDMyUyNUExcmlvcyUyQmRlJTJCUGElMjVDMyUyNUE3b3MlMkJkZSUyQkZlcnJlaXJhJTIxNWUwJTIxM20yJTIxMXNwdC1QVCUyMTJzcHQlMjE0djE1MjMyNjkxNjI0NTQlMjIlMjB3aWR0aCUzRCUyMjYwMCUyMiUyMGhlaWdodCUzRCUyMjQ1MCUyMiUyMGZyYW1lYm9yZGVyJTNEJTIyMCUyMiUyMHN0eWxlJTNEJTIyYm9yZGVyJTNBMCUyMiUyMGFsbG93ZnVsbHNjcmVlbiUzRSUzQyUyRmlmcmFtZSUzRQ==&#8221; size=&#8221;400&#215;300&#8243; title=&#8221;Localiza\u00e7\u00e3o&#8221;][vc_empty_space height=&#8221;35px&#8221;][\/vc_column][\/vc_row][vc_row full_width=&#8221;stretch_row&#8221; inverse=&#8221;&#8221; css=&#8221;.vc_custom_1523286599016{padding-top: 30px !important;padding-bottom: 30px !important;background-color: #000066 !important;}&#8221;][vc_column width=&#8221;1\/2&#8243;]<figure class=\"sc_image  sc_image_shape_square\" style=\"width:153px;height:159px;\"><a href=\"https:\/\/www.facebook.com\/events\/362628170901724\/\"><img decoding=\"async\" src=\"https:\/\/www.ahbvpf.pt\/wp-content\/uploads\/2018\/04\/Capturar-e1523628706812-153x159.jpg\" alt=\"\" \/><\/a><\/figure>[\/vc_column][vc_column width=&#8221;1\/2&#8243;][vc_column_text]<strong><span style=\"color: #cccc00; font-size: 16px;\">Mais Informa\u00e7\u00f5es:<\/span><\/strong><\/p>\n<p><span style=\"color: #ffffff;\"><span style=\"font-size: 16px;\"><a style=\"color: #ffffff;\" href=\"mailto:comunicacao@ahbvpf.pt\">comunicacao@ahbvpf.pt<\/a><\/span><\/span><\/p>\n<p><span style=\"color: #ffffff;\"><span style=\"font-size: 16px;\">255\u00a0965\u00a0339<\/span><\/span>[\/vc_column_text][\/vc_column][\/vc_row]<\/p>\n","protected":false},"excerpt":{"rendered":"<p>[vc_row][vc_column][vc_column_text]Jornadas Pr\u00e9-Hospitalar &nbsp; &#8220;Aprender sem pensar \u00e9 tempo perdido.&#8221;, Conf\u00facio Destinada apenas a elementos que exercem fun\u00e7\u00f5es no \u00e2mbito da Emerg\u00eancia Pr\u00e9-Hospitalar, a realiza\u00e7\u00e3o destas Jornadas tem como especial interesse [&hellip;]<\/p>\n","protected":false},"author":1,"featured_media":0,"parent":0,"menu_order":0,"comment_status":"closed","ping_status":"closed","template":"","meta":{"footnotes":""},"class_list":["post-4388","page","type-page","status-publish","hentry"],"_links":{"self":[{"href":"https:\/\/www.ahbvpf.pt\/index.php?rest_route=\/wp\/v2\/pages\/4388","targetHints":{"allow":["GET"]}}],"collection":[{"href":"https:\/\/www.ahbvpf.pt\/index.php?rest_route=\/wp\/v2\/pages"}],"about":[{"href":"https:\/\/www.ahbvpf.pt\/index.php?rest_route=\/wp\/v2\/types\/page"}],"author":[{"embeddable":true,"href":"https:\/\/www.ahbvpf.pt\/index.php?rest_route=\/wp\/v2\/users\/1"}],"replies":[{"embeddable":true,"href":"https:\/\/www.ahbvpf.pt\/index.php?rest_route=%2Fwp%2Fv2%2Fcomments&post=4388"}],"version-history":[{"count":37,"href":"https:\/\/www.ahbvpf.pt\/index.php?rest_route=\/wp\/v2\/pages\/4388\/revisions"}],"predecessor-version":[{"id":4808,"href":"https:\/\/www.ahbvpf.pt\/index.php?rest_route=\/wp\/v2\/pages\/4388\/revisions\/4808"}],"wp:attachment":[{"href":"https:\/\/www.ahbvpf.pt\/index.php?rest_route=%2Fwp%2Fv2%2Fmedia&parent=4388"}],"curies":[{"name":"wp","href":"https:\/\/api.w.org\/{rel}","templated":true}]}}